{"version":"1.0","provider_name":"der goldene fisch","provider_url":"https:\/\/der-goldene-fisch.de\/ping","author_name":"Christian Lorenz M\u00fcller","author_url":"https:\/\/der-goldene-fisch.de\/ping\/author\/christian1024\/","title":"IM WEISSBAROCKEN GARTEN (SCHNEE IN HAIKU) - der goldene fisch","type":"rich","width":600,"height":338,"html":"<blockquote class=\"wp-embedded-content\" data-secret=\"DOARDjCRp2\"><a href=\"https:\/\/der-goldene-fisch.de\/ping\/im-weissbarocken-garten-schnee-in-haiku\/\">IM WEISSBAROCKEN GARTEN (SCHNEE IN HAIKU)<\/a><\/blockquote><iframe sandbox=\"allow-scripts\" security=\"restricted\" src=\"https:\/\/der-goldene-fisch.de\/ping\/im-weissbarocken-garten-schnee-in-haiku\/embed\/#?secret=DOARDjCRp2\" width=\"600\" height=\"338\" title=\"&#8222;IM WEISSBAROCKEN GARTEN (SCHNEE IN HAIKU)&#8220; &#8212; der goldene fisch\" data-secret=\"DOARDjCRp2\" frameborder=\"0\" marginwidth=\"0\" marginheight=\"0\" scrolling=\"no\" class=\"wp-embedded-content\"><\/iframe><script type=\"text\/javascript\">\n\/* <![CDATA[ *\/\n\/*! This file is auto-generated *\/\n!function(d,l){\"use strict\";l.querySelector&&d.addEventListener&&\"undefined\"!=typeof URL&&(d.wp=d.wp||{},d.wp.receiveEmbedMessage||(d.wp.receiveEmbedMessage=function(e){var t=e.data;if((t||t.secret||t.message||t.value)&&!\/[^a-zA-Z0-9]\/.test(t.secret)){for(var s,r,n,a=l.querySelectorAll('iframe[data-secret=\"'+t.secret+'\"]'),o=l.querySelectorAll('blockquote[data-secret=\"'+t.secret+'\"]'),c=new RegExp(\"^https?:$\",\"i\"),i=0;i<o.length;i++)o[i].style.display=\"none\";for(i=0;i<a.length;i++)s=a[i],e.source===s.contentWindow&&(s.removeAttribute(\"style\"),\"height\"===t.message?(1e3<(r=parseInt(t.value,10))?r=1e3:~~r<200&&(r=200),s.height=r):\"link\"===t.message&&(r=new URL(s.getAttribute(\"src\")),n=new URL(t.value),c.test(n.protocol))&&n.host===r.host&&l.activeElement===s&&(d.top.location.href=t.value))}},d.addEventListener(\"message\",d.wp.receiveEmbedMessage,!1),l.addEventListener(\"DOMContentLoaded\",function(){for(var e,t,s=l.querySelectorAll(\"iframe.wp-embedded-content\"),r=0;r<s.length;r++)(t=(e=s[r]).getAttribute(\"data-secret\"))||(t=Math.random().toString(36).substring(2,12),e.src+=\"#?secret=\"+t,e.setAttribute(\"data-secret\",t)),e.contentWindow.postMessage({message:\"ready\",secret:t},\"*\")},!1)))}(window,document);\n\/* ]]> *\/\n<\/script>\n","description":"Die Kindertage sind wei\u00df und rund und haben sehr rote Nasen. Ein Kalligraph, tuscht der Radler Unsicherheit und Angst vor dem Sturz. Der Brandungsdonner des R\u00e4umfahrzeugs, die Gischt die auf den Gehsteig fliegt. Im wei\u00dfbarocken Garten fr\u00e4st der Hausmeister die Schneefont\u00e4ne. Und der Streuwagen s\u00e4t dunkle Kerne. Bald schon sprie\u00dft schwarzer Asphalt. An den Laternen [&hellip;]"}